{"id":525,"date":"2022-02-04T16:43:24","date_gmt":"2022-02-04T15:43:24","guid":{"rendered":"https:\/\/www.rosemary.it\/?page_id=525"},"modified":"2022-02-04T17:08:10","modified_gmt":"2022-02-04T16:08:10","slug":"525-2","status":"publish","type":"page","link":"http:\/\/www.rosemary.it\/?page_id=525","title":{"rendered":"Lele"},"content":{"rendered":"<p>[et_pb_section fb_built=&#8221;1&#8243; fullwidth=&#8221;on&#8221; admin_label=&#8221;Header&#8221; _builder_version=&#8221;4.14.7&#8243; background_color=&#8221;#FFFFFF&#8221; custom_padding=&#8221;0px|0|0px|0px|false|false&#8221; top_divider_style=&#8221;arrow3&#8243; top_divider_color=&#8221;rgba(255,255,255,0.3)&#8221; top_divider_height=&#8221;100%&#8221; top_divider_repeat=&#8221;2x&#8221; bottom_divider_color=&#8221;rgba(255,255,255,0.33)&#8221; bottom_divider_height=&#8221;500px&#8221; global_colors_info=&#8221;{}&#8221;][et_pb_fullwidth_header title=&#8221;Daniele..&#8221; subhead=&#8221;per non dimenticare&#8221; text_orientation=&#8221;center&#8221; background_overlay_color=&#8221;#FFFFFF&#8221; content_max_width=&#8221;70%&#8221; content_max_width_tablet=&#8221;100%&#8221; content_max_width_phone=&#8221;&#8221; content_max_width_last_edited=&#8221;on|phone&#8221; _builder_version=&#8221;4.14.7&#8243; title_font=&#8221;Cormorant Garamond|500|||||||&#8221; title_font_size=&#8221;5vw&#8221; title_line_height=&#8221;1.5em&#8221; content_font=&#8221;||||||||&#8221; subhead_font=&#8221;Poppins|700||on|||||&#8221; subhead_font_size=&#8221;16px&#8221; subhead_letter_spacing=&#8221;15px&#8221; subhead_line_height=&#8221;2em&#8221; background_color=&#8221;rgba(255,255,255,0.48)&#8221; background_image=&#8221;http:\/\/www.rosemary.it\/wp-content\/uploads\/2020\/08\/stampa-scaled.jpg&#8221; custom_button_one=&#8221;on&#8221; button_one_text_size=&#8221;14px&#8221; button_one_text_color=&#8221;#000000&#8243; button_one_bg_color=&#8221;#ffffff&#8221; button_one_border_width=&#8221;14px&#8221; button_one_border_color=&#8221;#ffffff&#8221; button_one_border_radius=&#8221;0px&#8221; button_one_letter_spacing=&#8221;4px&#8221; button_one_font=&#8221;Poppins|500||on|||||&#8221; background_layout=&#8221;light&#8221; custom_margin=&#8221;||||false&#8221; custom_padding=&#8221;0vw||0vw||true|&#8221; title_font_size_tablet=&#8221;40px&#8221; title_font_size_phone=&#8221;&#8221; title_font_size_last_edited=&#8221;on|desktop&#8221; subhead_font_size_tablet=&#8221;40px&#8221; subhead_font_size_last_edited=&#8221;off|desktop&#8221; subhead_letter_spacing_tablet=&#8221;&#8221; subhead_letter_spacing_phone=&#8221;0px&#8221; subhead_letter_spacing_last_edited=&#8221;on|phone&#8221; button_one_border_color_hover=&#8221;#ecd5c5&#8243; button_one_border_radius_hover=&#8221;0px&#8221; button_one_letter_spacing_hover=&#8221;4px&#8221; button_one_bg_color_hover=&#8221;#ecd5c5&#8243; global_colors_info=&#8221;{}&#8221; button_one_text_size__hover_enabled=&#8221;off&#8221; button_two_text_size__hover_enabled=&#8221;off&#8221; button_one_text_color__hover_enabled=&#8221;off&#8221; button_two_text_color__hover_enabled=&#8221;off&#8221; button_one_border_width__hover_enabled=&#8221;off&#8221; button_two_border_width__hover_enabled=&#8221;off&#8221; button_one_border_color__hover_enabled=&#8221;on&#8221; button_one_border_color__hover=&#8221;#ecd5c5&#8243; button_two_border_color__hover_enabled=&#8221;off&#8221; button_one_border_radius__hover_enabled=&#8221;on&#8221; button_one_border_radius__hover=&#8221;0px&#8221; button_two_border_radius__hover_enabled=&#8221;off&#8221; button_one_letter_spacing__hover_enabled=&#8221;on&#8221; button_one_letter_spacing__hover=&#8221;4px&#8221; button_two_letter_spacing__hover_enabled=&#8221;off&#8221; button_one_bg_color__hover_enabled=&#8221;on&#8221; button_one_bg_color__hover=&#8221;#ecd5c5&#8243; button_two_bg_color__hover_enabled=&#8221;off&#8221;][\/et_pb_fullwidth_header][\/et_pb_section][et_pb_section fb_built=&#8221;1&#8243; _builder_version=&#8221;4.14.7&#8243; _module_preset=&#8221;default&#8221; background_color=&#8221;#000000&#8243; custom_padding=&#8221;9px||0px|||&#8221; locked=&#8221;off&#8221; global_colors_info=&#8221;{}&#8221;][et_pb_row _builder_version=&#8221;4.14.7&#8243; _module_preset=&#8221;default&#8221; custom_padding=&#8221;||14px|||&#8221; global_colors_info=&#8221;{}&#8221;][et_pb_column type=&#8221;4_4&#8243; _builder_version=&#8221;4.14.7&#8243; _module_preset=&#8221;default&#8221; global_colors_info=&#8221;{}&#8221;][et_pb_video src=&#8221;https:\/\/youtu.be\/kfGKCmnVWnM&#8221; _builder_version=&#8221;4.14.7&#8243; _module_preset=&#8221;default&#8221; width=&#8221;60%&#8221; module_alignment=&#8221;center&#8221; custom_margin=&#8221;|-44px||||&#8221; global_colors_info=&#8221;{}&#8221;][\/et_pb_video][\/et_pb_column][\/et_pb_row][et_pb_row _builder_version=&#8221;4.14.7&#8243; _module_preset=&#8221;default&#8221; global_colors_info=&#8221;{}&#8221;][et_pb_column type=&#8221;4_4&#8243; _builder_version=&#8221;4.14.7&#8243; _module_preset=&#8221;default&#8221; global_colors_info=&#8221;{}&#8221;][et_pb_text _builder_version=&#8221;4.14.7&#8243; _module_preset=&#8221;default&#8221; hover_enabled=&#8221;0&#8243; global_colors_info=&#8221;{}&#8221; text_orientation=&#8221;justified&#8221; text_font_size=&#8221;16px&#8221; sticky_enabled=&#8221;0&#8243;]<\/p>\n<div dir=\"auto\"><span style=\"color: #ccffff;\">Daniele\u2026 figlio mio, <\/span><span style=\"color: #ccffff; font-size: 14px;\">mio dolce e grande amore, <\/span><span style=\"color: #ccffff; font-size: 14px;\">ti ho amato immensamente sin dal primo momento in cui ho saputo che crescevi dentro di me. <\/span><span style=\"font-size: 14px; color: #ccffff;\">Avevo 22 anni e tutti mi consigliarono di abortire. <\/span><span style=\"font-size: 14px; color: #ccffff;\">Mi dicevano che ero troppo giovane, <\/span><span style=\"font-size: 14px; color: #ccffff;\">che avrei perso la mia libert\u00e0 <\/span><span style=\"font-size: 14px; color: #ccffff;\">e che crescere un figlio da sola <\/span><span style=\"color: #ccffff;\">sarebbe stato difficile, <\/span><span style=\"color: #ccffff;\">ma io sapevo che tu eri un dono di Dio <\/span><span style=\"color: #ccffff; font-size: 14px;\">ed io ho ascoltato il mio cuore, <\/span><span style=\"color: #ccffff; font-size: 14px;\">e tua nonna Vincenzina.<\/span><\/div>\n<div dir=\"auto\">\n<p><span style=\"color: #ccffff;\">Ero consapevole che sarebbe stata dura <\/span><span style=\"color: #ccffff;\">ma il mio unico pensiero eri tu. <\/span><span style=\"color: #ccffff; font-size: 14px;\">Io e te&#8230; e con te al mio fianco <\/span><span style=\"color: #ccffff; font-size: 14px;\">nulla avrebbe potuto spaventarmi <\/span><span style=\"font-size: 14px; color: #ccffff;\">ed io, mi sentivo una guerriera invincibile. <\/span><span style=\"font-size: 14px; color: #ccffff;\">I primi 3 anni sono stati molto difficili <\/span><span style=\"font-size: 14px; color: #ccffff;\">ma poi, come per magia, nella nostra vita <\/span><span style=\"font-size: 14px; color: #ccffff;\">\u00e8 arrivato Pietro, lui con grande dolcezza &#8230; <\/span><span style=\"font-size: 14px; color: #ccffff;\">ci ha preso per mano e ci ha amato infinitamente entrambi! <\/span><span style=\"font-size: 14px; color: #ccffff;\">Pietro tuo pap\u00e0, tu\u2026 <\/span><span style=\"font-size: 14px; color: #ccffff;\">Daniele suo figlio, perch\u00e8 un vero padre <\/span><span style=\"font-size: 14px; color: #ccffff;\">\u00e8 quello che ti cresce con amore <\/span><span style=\"font-size: 14px; color: #ccffff;\">come ti ha cresciuto lui. <\/span><span style=\"font-size: 14px; color: #ccffff;\">In questi giorni ho ripercorso ogni attimo vissuto insieme, ogni ricordo ha accarezzato il mio cuore lacerato. <\/span><span style=\"font-size: 14px; color: #ccffff;\">Ricordo la tua espressione piena di gioia quando ti ho detto:<\/span><\/p>\n<\/div>\n<div dir=\"auto\">\n<p><span style=\"color: #ccffff;\">Sai Daniele io e pap\u00e0 ti abbiamo fatto un regalo bellissimo, presto arriveranno due sorelle gemelle Francesca e Veronica, le sorelline come le chiamavi tu. <\/span><span style=\"font-size: 14px; color: #ccffff;\">38 anni di vita vissuta insieme <\/span><span style=\"font-size: 14px; color: #ccffff;\">ora, di te mi restano solo i nostri ricordi, troppo pochi per colmare l&#8217;immenso vuoto che hai lasciato. <\/span><span style=\"font-size: 14px; color: #ccffff;\">Io, in cuor mio sentivo, <\/span><span style=\"font-size: 14px; color: #ccffff;\">sentivo che tu saresti rimasto poco in questa vita terrena sapevo che LEI ti voleva tra le sue braccia. <\/span><span style=\"font-size: 14px; color: #ccffff;\">Daniele, figlio mio, ti prego dammi il coraggio e la forza di andare avanti, <\/span><span style=\"font-size: 14px; color: #ccffff;\">placa questo mio dolore innaturale,<\/span><span style=\"font-size: 14px; color: #ccffff;\">asciuga le mie lacrime perch\u00e8 devo raccontare al tuo amato nipote Giole <\/span><span style=\"font-size: 14px; color: #ccffff;\">chi era lo zio Daniele. <\/span><span style=\"font-size: 14px; color: #ccffff;\">Devo raccontargli del tuo grande e generoso cuore, delle tue passioni &#8230; <\/span><span style=\"font-size: 14px; color: #ccffff;\">della tua voglia costante di giocare e scherzare. <\/span><span style=\"font-size: 14px; color: #ccffff;\">SI ! <\/span><span style=\"font-size: 14px; color: #ccffff;\">gli racconter\u00f2 di come riuscivi sempre a farci sorridere con le tue infinite battute scherzose. <\/span><span style=\"font-size: 14px; color: #ccffff;\">Daniele, amore mio, forse\u2026 <\/span><span style=\"font-size: 14px; color: #ccffff;\">forse come amavi fare tu \u00e8 uno scherzo anche questo. <\/span><span style=\"font-size: 14px; color: #ccffff;\">Beh se \u00e8 cos\u00ec ti aspetto per cena, <\/span><span style=\"font-size: 14px; color: #ccffff;\">e non fare tardi come al solito&#8230;<\/span><\/p>\n<\/div>\n<div dir=\"auto\" style=\"text-align: left;\"><span style=\"color: #ccffff;\">la tua mamma<\/span><\/div>\n<p>[\/et_pb_text][\/et_pb_column][\/et_pb_row][et_pb_row _builder_version=&#8221;4.14.7&#8243; _module_preset=&#8221;default&#8221; global_colors_info=&#8221;{}&#8221;][et_pb_column type=&#8221;4_4&#8243; _builder_version=&#8221;4.14.7&#8243; _module_preset=&#8221;default&#8221; global_colors_info=&#8221;{}&#8221;][et_pb_text _builder_version=&#8221;4.14.7&#8243; _module_preset=&#8221;default&#8221; text_font=&#8221;Arial||||||||&#8221; header_font=&#8221;Arial||||||||&#8221; header_5_font=&#8221;Arial||||||||&#8221; header_5_text_align=&#8221;justify&#8221; header_5_letter_spacing=&#8221;1px&#8221; header_5_line_height=&#8221;1.2em&#8221; text_orientation=&#8221;justified&#8221; background_layout=&#8221;dark&#8221; global_colors_info=&#8221;{}&#8221;]<\/p>\n<h5 style=\"text-align: justify;\"><span style=\"color: #ffffff;\">Voglio sapere come \u00e8 morto mio figlio\u00bb: disperata, ma combattiva, <strong>Maria Rosa Laboragine<\/strong>, madre di <strong>Daniele Roncolato<\/strong>, il 38enne stroncato da un malore il 17 gennaio, pretende di conoscere tutta la verit\u00e0 sulle cause che hanno portato al suo decesso. Una tragica fine che la donna sospetta essere collegata alla <strong>vaccinazione anti-Covid<\/strong> cui Roncolato si era sottoposto di recente, facendosi iniettare la dose <strong>booster<\/strong>. \u00abNon sono un medico e non posso affermarlo con certezza, ma sono troppe le cose che non tornano. Daniele aveva fatto la <strong>terza dose il 2 gennaio<\/strong> ed esattamente quindici giorni dopo, guarda caso il periodo entro il quale possono manifestarsi reazioni avverse, \u00e8 morto\u00bb. Non \u00e8 l&#8217;unico aspetto da chiarire, secondo la madre. Ve ne sono altri che gettano sulla scomparsa di Lele, com&#8217;era conosciuto da tutti, una luce inquietante. \u00abLa seconda dose se l&#8217;era fatta iniettare il 31 Luglio ed alla met\u00e0 di Agosto &#8211; continua la donna nota anche come la sensitiva <strong>Rosemary<\/strong> &#8211; era stato ricoverato per otto giorni all&#8217;ospedale di Asiago per una grave forma di polmonite che lo aveva fortemente debilitato, anche se allora era risultato negativo al Covid\u00bb. Esito completamente opposto, invece, quello del test eseguito sulla salma del 38enne prima di procedere con l&#8217;autopsia. \u00abDaniele era positivo. E lo sono anch&#8217;io, visto che vivevamo assieme\u00bb. Maria Rosa Laboragine adesso \u00e8 in quarantena e deve affrontare da sola queste ore difficilissime. Unico contatto con il mondo esterno il suo cellulare che squilla in continuazione: in tanti vogliono esprimerle il loro cordoglio, amici di Daniele, semplici conoscenti, ma anche esponenti politici. Dopo le condoglianze della leader di Fratelli d&#8217;Italia <strong>Giorgia Meloni<\/strong>, le sono giunti i messaggi del Presidente del Veneto <strong>Luca Zaia<\/strong> e del senatore dell&#8217;Udc <strong>Antonio De Poli<\/strong>. <\/span><span style=\"color: #ffffff;\">La sua positivit\u00e0 al virus ha comportato l&#8217;inevitabile spostamento della data delle esequie, all&#8217;inizio fissate per domani, 22 gennaio. \u00abAvr\u00f2 il tampone di controllo il 25 gennaio. Se sar\u00e0 negativo, il funerale verr\u00e0 celebrato il 29. Io voglio sapere come \u00e8 morto mio figlio &#8211; ripete poi in una triste litania -. Daniele \u00e8 sempre stato sanissimo. Era giovane e forte. Ma da alcuni giorni, dopo la terza iniezione, lamentava dolori alla schiena, proprio all&#8217;altezza di un polmone, e una continua sensazione di costrizione al petto. Era sempre molto stanco e andava a letto presto. Io gli dicevo di chiamare il suo medico, di sottoporsi a degli esami di controllo, lui mi assicurava che l&#8217;avrebbe fatto. Ma purtroppo non ce n&#8217;\u00e8 stato il tempo\u00bb. Daniele Roncolato si era sentito male nel pomeriggio di luned\u00ec mentre si trovava all&#8217;interno del magazzino della Plurima, azienda di Monselice specializzata nel trasporto di materiale ospedaliero, dove lavorava da qualche mese. I suoi colleghi lo avevano trovato riverso sul pavimento privo di sensi e avevano dato immediatamente l&#8217;allarme al 118. Le sue condizioni erano per\u00f2 apparse subito critiche. Un elicottero del Suem lo aveva trasportato in ospedale, ma nulla avevano potuto fare i medici: alle 18,30, Daniele Roncolato cessava di vivere. \u00abDopo il funerale, mio figlio verr\u00e0 cremato conclude Maria Rosa Laboragine &#8211;<br \/>Poi le sue ceneri me le porter\u00f2 a casa. Rester\u00e0 sempre con me<\/span><\/h5>\n<p>[\/et_pb_text][\/et_pb_column][\/et_pb_row][et_pb_row column_structure=&#8221;1_2,1_2&#8243; _builder_version=&#8221;4.14.7&#8243; _module_preset=&#8221;default&#8221; global_colors_info=&#8221;{}&#8221;][et_pb_column type=&#8221;1_2&#8243; _builder_version=&#8221;4.14.7&#8243; _module_preset=&#8221;default&#8221; global_colors_info=&#8221;{}&#8221;][et_pb_text _builder_version=&#8221;4.14.7&#8243; _module_preset=&#8221;default&#8221; global_colors_info=&#8221;{}&#8221;]<\/p>\n<h5 dir=\"auto\" style=\"text-align: justify;\"><span style=\"color: #ffffff; font-size: large;\">Ciao Rosemary<\/span><\/h5>\n<h5 dir=\"auto\" style=\"text-align: justify;\"><span style=\"color: #ffffff; font-size: large;\">Ti ho pensato spesso in questi giorni, so che a fianco hai tante persone che ti vogliono bene e che volevano bene a Lele, semplicemente perch\u00e9 siete due anime pure. <br \/>E dico \u201c siete\u201d perch\u00e9 Lele sar\u00e0 sempre al tuo fianco, ricordalo.<\/span><\/h5>\n<h5 dir=\"auto\" style=\"text-align: justify;\"><span style=\"color: #ffffff; font-size: large;\">So che sei forte, lo hai dimostrato nella tua vita e lo stai dimostrando ora; non posso neanche immaginare cosa possa significare la perdita di un figlio e non ci sono parole che possano lenire un dolore cos\u00ec atroce.<\/span><\/h5>\n<h5 dir=\"auto\" style=\"text-align: justify;\"><span style=\"color: #ffffff; font-size: large;\">Luned\u00ec ti sar\u00f2 vicino e poi se vorrai, con calma, pi\u00f9 avanti mi piacerebbe poterti fare visita. Un caro abbraccio da parte mia e di Gloria.<\/span><\/h5>\n<p><span style=\"color: #ffffff; font-size: large;\">Moreno Valdisolo <br \/>Sindaco di Teolo ( PD)<\/span><\/p>\n<p>[\/et_pb_text][\/et_pb_column][et_pb_column type=&#8221;1_2&#8243; _builder_version=&#8221;4.14.7&#8243; _module_preset=&#8221;default&#8221; global_colors_info=&#8221;{}&#8221;][et_pb_image src=&#8221;http:\/\/www.rosemary.it\/wp-content\/uploads\/2022\/02\/daniele3.jpg&#8221; title_text=&#8221;daniele3&#8243; _builder_version=&#8221;4.14.7&#8243; _module_preset=&#8221;default&#8221; global_colors_info=&#8221;{}&#8221;][\/et_pb_image][\/et_pb_column][\/et_pb_row][et_pb_row column_structure=&#8221;1_3,1_3,1_3&#8243; _builder_version=&#8221;4.14.7&#8243; _module_preset=&#8221;default&#8221; width=&#8221;100%&#8221; max_width=&#8221;1920px&#8221; module_alignment=&#8221;center&#8221; global_colors_info=&#8221;{}&#8221;][et_pb_column type=&#8221;1_3&#8243; _builder_version=&#8221;4.14.7&#8243; _module_preset=&#8221;default&#8221; global_colors_info=&#8221;{}&#8221;][et_pb_image src=&#8221;http:\/\/www.rosemary.it\/wp-content\/uploads\/2022\/01\/link_daniele_libero.jpg&#8221; title_text=&#8221;link_daniele_libero&#8221; url=&#8221;https:\/\/www.liberoquotidiano.it\/news\/italia\/30178234\/fdi-morto-daniele-roncolato-38-anni-aveva-fatto-terza-dose-voglio-verita-rabbia-madre.html&#8221; url_new_window=&#8221;on&#8221; _builder_version=&#8221;4.14.7&#8243; _module_preset=&#8221;default&#8221; global_colors_info=&#8221;{}&#8221;][\/et_pb_image][et_pb_image src=&#8221;http:\/\/www.rosemary.it\/wp-content\/uploads\/2022\/02\/daniele1.png&#8221; title_text=&#8221;daniele1&#8243; url=&#8221;https:\/\/www.liberoquotidiano.it\/news\/italia\/30178234\/fdi-morto-daniele-roncolato-38-anni-aveva-fatto-terza-dose-voglio-verita-rabbia-madre.html&#8221; url_new_window=&#8221;on&#8221; _builder_version=&#8221;4.14.7&#8243; _module_preset=&#8221;default&#8221; global_colors_info=&#8221;{}&#8221;][\/et_pb_image][\/et_pb_column][et_pb_column type=&#8221;1_3&#8243; _builder_version=&#8221;4.14.7&#8243; _module_preset=&#8221;default&#8221; global_colors_info=&#8221;{}&#8221;][et_pb_image src=&#8221;http:\/\/www.rosemary.it\/wp-content\/uploads\/2022\/01\/link_daniele2.png&#8221; title_text=&#8221;link_daniele2&#8243; url=&#8221;https:\/\/mattinopadova.gelocal.it\/padova\/cronaca\/2022\/01\/21\/news\/la-mamma-di-daniele-roncolato-ora-voglio-la-verita-sulla-morte-di-mio-figlio-1.41152070&#8243; url_new_window=&#8221;on&#8221; _builder_version=&#8221;4.14.7&#8243; _module_preset=&#8221;default&#8221; global_colors_info=&#8221;{}&#8221;][\/et_pb_image][et_pb_image src=&#8221;http:\/\/www.rosemary.it\/wp-content\/uploads\/2022\/02\/daniele2.png&#8221; title_text=&#8221;daniele2&#8243; url=&#8221;https:\/\/mattinopadova.gelocal.it\/padova\/cronaca\/2022\/01\/21\/news\/la-mamma-di-daniele-roncolato-ora-voglio-la-verita-sulla-morte-di-mio-figlio-1.41152070&#8243; url_new_window=&#8221;on&#8221; _builder_version=&#8221;4.14.7&#8243; _module_preset=&#8221;default&#8221; global_colors_info=&#8221;{}&#8221;][\/et_pb_image][\/et_pb_column][et_pb_column type=&#8221;1_3&#8243; _builder_version=&#8221;4.14.7&#8243; _module_preset=&#8221;default&#8221; global_colors_info=&#8221;{}&#8221;][et_pb_image src=&#8221;http:\/\/www.rosemary.it\/wp-content\/uploads\/2022\/01\/notizie_daniele2.png&#8221; title_text=&#8221;notizie_daniele2&#8243; url=&#8221;https:\/\/www.notizie.it\/addio-a-daniele-roncolato-coordinatore-di-fratelli-d-italia-morto-a-soli-38-anni\/&#8221; url_new_window=&#8221;on&#8221; _builder_version=&#8221;4.14.7&#8243; _module_preset=&#8221;default&#8221; global_colors_info=&#8221;{}&#8221;][\/et_pb_image][\/et_pb_column][\/et_pb_row][\/et_pb_section]<\/p>\n","protected":false},"excerpt":{"rendered":"<p>Daniele\u2026 figlio mio, mio dolce e grande amore, ti ho amato immensamente sin dal primo momento in cui ho saputo che crescevi dentro di me. Avevo 22 anni e tutti mi consigliarono di abortire. Mi dicevano che ero troppo giovane, che avrei perso la mia libert\u00e0 e che crescere un figlio da sola sarebbe stato [&hellip;]<\/p>\n","protected":false},"author":1,"featured_media":0,"parent":0,"menu_order":0,"comment_status":"closed","ping_status":"closed","template":"","meta":{"_et_pb_use_builder":"on","_et_pb_old_content":"","_et_gb_content_width":"","footnotes":""},"class_list":["post-525","page","type-page","status-publish","hentry"],"_links":{"self":[{"href":"http:\/\/www.rosemary.it\/index.php?rest_route=\/wp\/v2\/pages\/525","targetHints":{"allow":["GET"]}}],"collection":[{"href":"http:\/\/www.rosemary.it\/index.php?rest_route=\/wp\/v2\/pages"}],"about":[{"href":"http:\/\/www.rosemary.it\/index.php?rest_route=\/wp\/v2\/types\/page"}],"author":[{"embeddable":true,"href":"http:\/\/www.rosemary.it\/index.php?rest_route=\/wp\/v2\/users\/1"}],"replies":[{"embeddable":true,"href":"http:\/\/www.rosemary.it\/index.php?rest_route=%2Fwp%2Fv2%2Fcomments&post=525"}],"version-history":[{"count":10,"href":"http:\/\/www.rosemary.it\/index.php?rest_route=\/wp\/v2\/pages\/525\/revisions"}],"predecessor-version":[{"id":547,"href":"http:\/\/www.rosemary.it\/index.php?rest_route=\/wp\/v2\/pages\/525\/revisions\/547"}],"wp:attachment":[{"href":"http:\/\/www.rosemary.it\/index.php?rest_route=%2Fwp%2Fv2%2Fmedia&parent=525"}],"curies":[{"name":"wp","href":"https:\/\/api.w.org\/{rel}","templated":true}]}}